{"id":4586,"date":"2025-12-22T16:55:55","date_gmt":"2025-12-22T19:55:55","guid":{"rendered":"https:\/\/www.ebp.org.br\/correio_express\/?page_id=4586"},"modified":"2026-03-27T06:33:22","modified_gmt":"2026-03-27T09:33:22","slug":"indice-no034","status":"publish","type":"page","link":"https:\/\/www.ebp.org.br\/correio_express\/","title":{"rendered":"\u00cdndice n\u00ba034"},"content":{"rendered":"<div class=\"wpb-content-wrapper\"><p>[vc_row full_width=&#8221;stretch_row_content&#8221; bg_type=&#8221;bg_color&#8221; css=&#8221;.vc_custom_1760899536015{margin-top: -100px !important;}&#8221; bg_color_value=&#8221;#000000&#8243;][vc_column]\n\t\t\t\t<p class=\"rs-p-wp-fix\"><\/p>\n\t\t\t\t<sr7-module data-alias=\"slider-1\" data-id=\"2\" id=\"SR7_2_1\" class=\"rs-ov-hidden\" data-version=\"6.7.38\">\n\t\t\t\t\t<sr7-adjuster><\/sr7-adjuster>\n\t\t\t\t\t<sr7-content>\n\t\t\t\t\t\t<sr7-slide id=\"SR7_2_1-3\" data-key=\"3\">\n\t\t\t\t\t\t\t<sr7-bg id=\"SR7_2_1-3-7\" class=\"sr7-layer\"><noscript><img decoding=\"async\" src=\"https:\/\/www.ebp.org.br\/correio_express\/wp-content\/uploads\/2025\/10\/fundo-grunge-com-espaco-para-texto-ou-imagem_196038-27424.avif\" alt=\"\" title=\"fundo-grunge-com-espaco-para-texto-ou-imagem_196038-27424\"><\/noscript><\/sr7-bg>\n\t\t\t\t\t\t<\/sr7-slide>\n\t\t\t\t\t\t<sr7-slide id=\"SR7_2_1-4\" data-key=\"4\">\n\t\t\t\t\t\t<\/sr7-slide>\n\t\t\t\t\t<\/sr7-content>\n\t\t\t\t\t<image_lists style=\"display:none\">\n\t\t\t\t\t\t<img data-src=\"\/\/www.ebp.org.br\/correio_express\/wp-content\/uploads\/2025\/10\/NOVO_CABECALHO_SITE-01.png\" data-libid=\"4301\" data-lib=\"medialibrary\" title=\"!!! NOVO_CABE\u00c7ALHO_SITE-01\" width=\"0\" height=\"0\" data-dbsrc=\"Ly93d3cuZWJwLm9yZy5ici9jb3JyZWlvX2V4cHJlc3Mvd3AtY29udGVudC91cGxvYWRzLzIwMjUvMTAvTk9WT19DQUJFQ0FMSE9fU0lURS0wMS5wbmc=\"\/>\n\t\t\t\t\t\t<img data-src=\"\/\/www.ebp.org.br\/correio_express\/wp-content\/uploads\/2025\/12\/num_corres_express.png\" data-libid=\"4618\" data-lib=\"medialibrary\" title=\"num_corres_express\" width=\"0\" height=\"0\" data-dbsrc=\"Ly93d3cuZWJwLm9yZy5ici9jb3JyZWlvX2V4cHJlc3Mvd3AtY29udGVudC91cGxvYWRzLzIwMjUvMTIvbnVtX2NvcnJlc19leHByZXNzLnBuZw==\"\/>\n\t\t\t\t\t\t<img data-src=\"\/\/www.ebp.org.br\/correio_express\/wp-content\/uploads\/2025\/10\/fundo-grunge-com-espaco-para-texto-ou-imagem_196038-27424.avif\" data-libid=\"4300\" data-lib=\"medialibrary\" title=\"fundo-grunge-com-espaco-para-texto-ou-imagem_196038-27424\" width=\"0\" height=\"0\" data-dbsrc=\"Ly93d3cuZWJwLm9yZy5ici9jb3JyZWlvX2V4cHJlc3Mvd3AtY29udGVudC91cGxvYWRzLzIwMjUvMTAvZnVuZG8tZ3J1bmdlLWNvbS1lc3BhY28tcGFyYS10ZXh0by1vdS1pbWFnZW1fMTk2MDM4LTI3NDI0LmF2aWY=\"\/>\n\t\t\t\t\t<\/image_lists>\n\t\t\t\t<\/sr7-module>\n\t\t\t\t<script>\n\t\t\t\t\tSR7.PMH ??={}; SR7.PMH[\"SR7_2_1\"] = {cn:100,state:false,fn: function() { if (_tpt!==undefined && _tpt.prepareModuleHeight !== undefined) {  _tpt.prepareModuleHeight({id:\"SR7_2_1\",el:[450,450,768,960,720],type:'standard',shdw:'0',gh:[450,450,372,283,175],gw:[1240,1240,1024,778,480],vpt:['-100px'],size:{fullWidth:true, fullHeight:false},mh:'0',onh:0,onw:0,bg:{color:'{\"orig\":\"transparent\",\"type\":\"solid\",\"string\":\"transparent\"}'}});   SR7.PMH[\"SR7_2_1\"].state=true;} else if(SR7.PMH[\"SR7_2_1\"].cn-->0)\tsetTimeout( SR7.PMH[\"SR7_2_1\"].fn,19);}};SR7.PMH[\"SR7_2_1\" ].fn();\n\t\t\t\t<\/script>\n[\/vc_column][\/vc_row][vc_row css_animation=&#8221;slideInLeft&#8221;][vc_column width=&#8221;2\/3&#8243;][vc_column_text css=&#8221;&#8221;]<\/p>\n<h1><span style=\"color: #ff0000;\"><strong>EDITORIAL<\/strong><\/span><\/h1>\n<h6>Carla Serles e Milena Crastelo<\/h6>\n<p>A edi\u00e7\u00e3o 34 da Correio Express se deixa atravessar pelo tema do XV Congresso da Associa\u00e7\u00e3o Mundial de Psican\u00e1lise \u2014 \u201cN\u00e3o h\u00e1 rela\u00e7\u00e3o sexual\u201d nas rubricas <em>Sobrevoo<\/em> e <em>Zeitgeist<\/em>. Na primeira, seus autores nos d\u00e3o a ver o\u00a0que vibra das atividades de cada Se\u00e7\u00e3o, especialmente as preparat\u00f3rias e as Jornadas, fazendo ressoar o tema do Congresso.<\/p>\n<p>Em <em>Zeitgeist<\/em>, o convite endere\u00e7ado \u00e0 Ang\u00e9lica Bastos e \u00e0 Teresinha N. M. do Prado para que contribu\u00edssem com suas escritas, se deu a partir de um argumento que pode ser reduzido da seguinte forma: \u201c\u00e9 poss\u00edvel dizer que o real do v\u00ednculo social \u00e9 a inexist\u00eancia da rela\u00e7\u00e3o sexual\u201d. Desse modo, tendo como ponto de partida a sua experi\u00eancia com a psican\u00e1lise, que articula\u00e7\u00e3o voc\u00ea proporia entre o axioma n\u00e3o h\u00e1 rela\u00e7\u00e3o sexual e a configura\u00e7\u00e3o contempor\u00e2nea do la\u00e7o social? Nesse contexto, o amor ainda se apresenta como uma supl\u00eancia privilegiada \u00e0 n\u00e3o rela\u00e7\u00e3o?\u201d[\/vc_column_text]<style type=\"text\/css\" data-type=\"the7_shortcodes-inline-css\">#default-btn-e818befd85cbb4a433de0c710340ba0c.ico-right-side > i {\n  margin-right: 0px;\n  margin-left: 8px;\n}\n#default-btn-e818befd85cbb4a433de0c710340ba0c > i {\n  margin-right: 8px;\n}<\/style><a href=\"https:\/\/www.ebp.org.br\/correio_express\/2025\/12\/22\/editorial-correio-express-no034\/\" class=\"default-btn-shortcode dt-btn dt-btn-s link-hover-off ico-right-side btn-inline-left \" id=\"default-btn-e818befd85cbb4a433de0c710340ba0c\" title=\"Editorial Correio Express n\u00ba032\"><span>Leia<\/span><i class=\"icomoon-the7-font-the7-plus-03\"><\/i><\/a>[\/vc_column][vc_column width=&#8221;1\/3&#8243;][vc_single_image image=&#8221;4587&#8243; img_size=&#8221;300&#215;300&#8243; alignment=&#8221;center&#8221; onclick=&#8221;link_image&#8221; css=&#8221;&#8221;][vc_column_text css=&#8221;&#8221;]<\/p>\n<h6 class=\"post-title entry-title\" style=\"text-align: center;\">Artur de Vargas Giorgi. 692 &#8211; das garafunhas, 39<br \/>\nClique para ampliar<\/h6>\n<p>[\/vc_column_text][\/vc_column][\/vc_row][vc_row][vc_column][vc_empty_space][vc_separator color=&#8221;juicy_pink&#8221; border_width=&#8221;3&#8243; css=&#8221;&#8221;][vc_empty_space][\/vc_column][\/vc_row][vc_row css_animation=&#8221;slideInRight&#8221;][vc_column width=&#8221;2\/3&#8243;][vc_column_text css=&#8221;&#8221;]<\/p>\n<h1><span style=\"color: #ff0000;\"><strong>SOBREVOO<\/strong><\/span><\/h1>\n<p>[\/vc_column_text][vc_tta_accordion active_section=&#8221;99999999999999&#8243; collapsible_all=&#8221;true&#8221;][vc_tta_section title=&#8221;BAHIA&#8221; tab_id=&#8221;1766434284850-8d3dcd25-48be&#8221;][vc_column_text css=&#8221;&#8221;]<strong>\u201cN\u00e3o h\u00e1 rela\u00e7\u00e3o sexual&#8230; ent\u00e3o, o que h\u00e1?\u201d<\/strong><\/p>\n<h6><span style=\"color: #ff0000;\">Anal\u00edcea Calmon (AME, EBP\/AMP)<\/span><\/h6>\n<h6><a href=\"https:\/\/www.ebp.org.br\/correio_express\/2025\/12\/22\/nao-ha-relacao-sexual-entao-o-que-ha\/\">LEIA+<\/a><\/h6>\n<p>&nbsp;<\/p>\n<p><strong>Ecos da XXIX Jornada da Escola Brasileira de Psican\u00e1lise &#8211; Se\u00e7\u00e3o Bahia<\/strong><\/p>\n<h6><span style=\"color: #ff0000;\">Rog\u00e9rio Barros (EBP\/AMP)<\/span><\/h6>\n<h6><a href=\"https:\/\/www.ebp.org.br\/correio_express\/2025\/12\/22\/ecos-da-xxix-jornada-da-escola-brasileira-de-psicanalise-secao-bahia\/\">LEIA+<\/a><\/h6>\n<p>[\/vc_column_text][\/vc_tta_section][vc_tta_section title=&#8221;LESTE-OESTE&#8221; tab_id=&#8221;1761592007660-f4af4b19-cfce&#8221;][vc_column_text css=&#8221;&#8221;]<strong>Sobrevoo sobre as VI Jornadas da Se\u00e7\u00e3o Leste-Oeste<\/strong><\/p>\n<h6><span style=\"color: #ff0000;\">Ruskaya Maia (EBP\/AMP)<\/span><\/h6>\n<h6><a href=\"https:\/\/www.ebp.org.br\/correio_express\/2025\/12\/22\/sobrevoo-sobre-as-vi-jornadas-da-secao-leste-oeste\/\">LEIA+<\/a><\/h6>\n<p>[\/vc_column_text][vc_column_text css=&#8221;&#8221;]<strong>Um sobrevoo: Do universal d\u2019a n\u00e3o rela\u00e7\u00e3o sexual ao singular do Um-sozinho?<\/strong><\/p>\n<h6><span style=\"color: #ff0000;\">Ord\u00e1lia A. Junqueira (EBP\/AMP)<\/span><\/h6>\n<h6><a href=\"https:\/\/www.ebp.org.br\/correio_express\/2025\/12\/22\/um-sobrevoo-do-universal-da-nao-relacao-sexual-ao-singular-do-um-sozinho\/\">LEIA+<\/a><\/h6>\n<p>[\/vc_column_text][\/vc_tta_section][vc_tta_section title=&#8221;MINAS GERAIS&#8221; tab_id=&#8221;1761592116948-6f3363d9-cd84&#8243;][vc_column_text css=&#8221;&#8221;]<strong>Duras, Lol e o \u201cesquecimento de si\u201d<\/strong><\/p>\n<h6><span style=\"color: #ff0000;\">Fernanda Costa (EBP\/AMP)<\/span><\/h6>\n<h6><a href=\"https:\/\/www.ebp.org.br\/correio_express\/2025\/12\/22\/duras-lol-e-o-esquecimento-de-si\/\">LEIA+<\/a><\/h6>\n<p>[\/vc_column_text][vc_column_text css=&#8221;&#8221;]<strong>Um sobrev\u00f4o ao Congresso Mundial: ex\u00edlio<\/strong><\/p>\n<h6><span style=\"color: #ff0000;\">Maria Wilma S. de Faria (EBP\/AMP)<\/span><\/h6>\n<h6><a href=\"https:\/\/www.ebp.org.br\/correio_express\/2025\/12\/22\/um-sobrevoo-ao-congresso-mundial-exilio\/\">LEIA+<\/a><\/h6>\n<p>[\/vc_column_text][\/vc_tta_section][vc_tta_section title=&#8221;NORDESTE&#8221; tab_id=&#8221;1761592007677-6a1aec90-796a&#8221;][vc_column_text css=&#8221;&#8221;]<strong>Uma Noite da Biblioteca Se\u00e7\u00e3o NE: Navegando no barco sexual<\/strong><\/p>\n<h6><span style=\"color: #ff0000;\">Carlange de Castro<\/span><\/h6>\n<h6><a href=\"https:\/\/www.ebp.org.br\/correio_express\/2025\/12\/22\/uma-noite-da-biblioteca-secao-ne-navegando-no-barco-sexual\/\">LEIA+<\/a><\/h6>\n<p>[\/vc_column_text][vc_column_text css=&#8221;&#8221;]<strong>Impress\u00f5es da V Jornada da Se\u00e7\u00e3o Nordeste<\/strong><\/p>\n<h6><span style=\"color: #ff0000;\">Romero Ouriques<\/span><\/h6>\n<h6><a href=\"https:\/\/www.ebp.org.br\/correio_express\/2025\/12\/22\/impressoes-da-v-jornada-da-secao-nordeste\/\">LEIA+<\/a><\/h6>\n<p>[\/vc_column_text][vc_column_text css=&#8221;&#8221;]<strong>Trauma: do singular ao social<\/strong><\/p>\n<h6><span style=\"color: #ff0000;\"><strong>\u00a0<\/strong>Wilson Lima<\/span><\/h6>\n<h6><a href=\"https:\/\/www.ebp.org.br\/correio_express\/2025\/12\/22\/trauma-do-singular-ao-social\/\">LEIA+<\/a><\/h6>\n<p>[\/vc_column_text][\/vc_tta_section][vc_tta_section title=&#8221;RIO DE JANEIRO&#8221; tab_id=&#8221;1761592133555-6d2bf6bb-9905&#8243;][vc_column_text css=&#8221;&#8221;]<strong>Noite da Biblioteca \u2013 Rumo ao XV Congresso da AMP<\/strong><\/p>\n<h6><span style=\"color: #ff0000;\">Andrea Vilanova (EBP\/AMP)<\/span><\/h6>\n<h6><a href=\"https:\/\/www.ebp.org.br\/correio_express\/2025\/12\/22\/noite-da-biblioteca-rumo-ao-xv-congresso-da-amp\/\">LEIA+<\/a><\/h6>\n<p>[\/vc_column_text][vc_column_text css=&#8221;&#8221;]<strong>As 32 Jornadas Cl\u00ednicas da EBP Rio: A transfer\u00eancia na pr\u00e1tica<\/strong><\/p>\n<h6><span style=\"color: #ff0000;\"><strong>\u00a0<\/strong>Maria Silvia G. F. Hanna (AME, EBP\/AMP)<\/span><\/h6>\n<h6><a href=\"https:\/\/www.ebp.org.br\/correio_express\/2025\/12\/22\/as-32-jornadas-clinicas-da-ebp-rio-a-transferencia-na-pratica\/\">LEIA+<\/a><\/h6>\n<p>[\/vc_column_text][\/vc_tta_section][vc_tta_section title=&#8221;S\u00c3O PAULO&#8221; tab_id=&#8221;1761592153896-33c289e7-3542&#8243;][vc_column_text css=&#8221;&#8221;]<strong>O amor, ainda<\/strong><\/p>\n<h6><span style=\"color: #ff0000;\">Cristiana Chacon Gallo (EBP\/AMP)<\/span><\/h6>\n<h6><a href=\"https:\/\/www.ebp.org.br\/correio_express\/2025\/12\/22\/o-amor-ainda\/\">LEIA+<\/a><\/h6>\n<p>[\/vc_column_text][vc_column_text css=&#8221;&#8221;]<strong>Demonstra\u00e7\u00e3o da inexist\u00eancia da rela\u00e7\u00e3o sexual<\/strong><\/p>\n<h6><span style=\"color: #ff0000;\">Mirmila Musse (EBP\/AMP)<\/span><\/h6>\n<h6><a href=\"https:\/\/www.ebp.org.br\/correio_express\/2025\/12\/22\/demonstracao-da-inexistencia-da-relacao-sexual\/\">LEIA+<\/a><\/h6>\n<p>[\/vc_column_text][\/vc_tta_section][vc_tta_section title=&#8221;SUL&#8221; tab_id=&#8221;1761592177928-4bbd7e85-ae4a&#8221;][vc_column_text css=&#8221;&#8221;]<strong>A pedra no caminho: a irredutibilidade do objeto <em>a<\/em><\/strong><\/p>\n<h6><span style=\"color: #ff0000;\">C\u00e9lia Ferreira Carta Winter (EBP\/AMP)<\/span><\/h6>\n<h6><a href=\"https:\/\/www.ebp.org.br\/correio_express\/2025\/12\/22\/a-pedra-no-caminho-a-irredutibilidade-do-objeto-a\/\">LEIA+<\/a><\/h6>\n<p>[\/vc_column_text][vc_column_text css=&#8221;&#8221;]<strong>Do ensino \u00e0 transmiss\u00e3o numa Jornada da EBP-Se\u00e7\u00e3o Sul<\/strong><\/p>\n<h6><span style=\"color: #ff0000;\">Marcia Stival (EBP\/AMP)<\/span><\/h6>\n<h6><a href=\"https:\/\/www.ebp.org.br\/correio_express\/2025\/12\/22\/do-ensino-a-transmissao-numa-jornada-da-ebp-secao-sul\/\">LEIA+<\/a><\/h6>\n<p>[\/vc_column_text][\/vc_tta_section][\/vc_tta_accordion][\/vc_column][vc_column width=&#8221;1\/3&#8243;][vc_single_image image=&#8221;4588&#8243; img_size=&#8221;full&#8221; onclick=&#8221;link_image&#8221; css=&#8221;&#8221;][vc_column_text css=&#8221;&#8221;]<\/p>\n<h6 style=\"text-align: center;\">Artur de Vargas Giorgi. 703 &#8211; das garafunhas, 403<br \/>\nClique para ampliar<\/h6>\n<p>[\/vc_column_text][\/vc_column][\/vc_row][vc_row][vc_column][vc_empty_space][vc_separator color=&#8221;juicy_pink&#8221; border_width=&#8221;3&#8243; css=&#8221;&#8221;][vc_empty_space][\/vc_column][\/vc_row][vc_row css_animation=&#8221;slideInRight&#8221;][vc_column width=&#8221;2\/3&#8243;][vc_column_text css=&#8221;&#8221;]<\/p>\n<h1><span style=\"color: #ff0000;\"><strong>ZEITGEIST<\/strong><\/span><\/h1>\n<p>[\/vc_column_text][vc_column_text css=&#8221;&#8221;]<\/p>\n<p><strong>Zeitgeist: Carandiru a c\u00e9u aberto<\/strong><\/p>\n<h6><span style=\"color: #ff0000;\">Ang\u00e9lica Bastos (EBP\/AMP)<\/span><\/h6>\n<h6><a href=\"https:\/\/www.ebp.org.br\/correio_express\/2025\/12\/22\/zeitgeist-carandiru-a-ceu-aberto\/\">LEIA+<\/a><\/h6>\n<h6>[\/vc_column_text][vc_column_text css=&#8221;&#8221;]<\/h6>\n<p><strong>Capitalismo, gozo e a conting\u00eancia do amor na contemporaneidade<\/strong><\/p>\n<h6><span style=\"color: #ff0000;\">Teresinha N. M. Prado (EBP\/AMP)<\/span><\/h6>\n<h6><a href=\"https:\/\/www.ebp.org.br\/correio_express\/2025\/12\/22\/capitalismo-gozo-e-a-contingencia-do-amor-na-contemporaneidade\/\">LEIA+<\/a><\/h6>\n<h6>[\/vc_column_text][vc_column_text css=&#8221;&#8221;]<\/h6>\n<p><strong>Apresenta\u00e7\u00e3o do Scilicet 2026<\/strong><\/p>\n<h6><span style=\"color: #ff0000;\">Ana Lydia Santiago (AME, EBP\/AMP)<\/span><\/h6>\n<h6><a href=\"https:\/\/www.ebp.org.br\/correio_express\/2025\/12\/22\/apresentacao-do-scilicet-2026\/\">LEIA+<\/a><\/h6>\n<h6>[\/vc_column_text][vc_column_text css=&#8221;&#8221;]<\/h6>\n<p><strong>Coment\u00e1rio sobre alguns textos do Scilicet &#8211; XV Congresso da AMP \u2013 N\u00e3o h\u00e1 rela\u00e7\u00e3o sexual<\/strong><\/p>\n<h6><span style=\"color: #ff0000;\">Heloisa Caldas (AME, EBP\/AMP)<\/span><\/h6>\n<h6><a href=\"https:\/\/www.ebp.org.br\/correio_express\/2025\/12\/22\/comentario-sobre-alguns-textos-do-scilicet-xv-congresso-da-amp-nao-ha-relacao-sexual\/\">LEIA+<\/a><\/h6>\n<h6>[\/vc_column_text][vc_column_text css=&#8221;&#8221;]<\/h6>\n<p><strong>Rumo ao XV Congresso da AMP: \u201cN\u00e3o h\u00e1 rela\u00e7\u00e3o sexual\u201d &#8211; Conversa\u00e7\u00e3o sobre o Scilicet<\/strong><\/p>\n<h6><span style=\"color: #ff0000;\">Maria Jos\u00e9 Gontijo (EBP\/AMP)<\/span><\/h6>\n<h6><a href=\"https:\/\/www.ebp.org.br\/correio_express\/2025\/12\/22\/rumo-ao-xv-congresso-da-amp-nao-ha-relacao-sexual-conversacao-sobre-o-scilicet\/\">LEIA+<\/a><\/h6>\n<p>[\/vc_column_text][vc_column_text css=&#8221;&#8221;]<\/p>\n<p><strong>Tr\u00eas<\/strong><\/p>\n<h6><span style=\"color: #ff0000;\">Luiz Felipe Monteiro (EBP\/AMP)<\/span><\/h6>\n<h6><a href=\"https:\/\/www.ebp.org.br\/correio_express\/2025\/12\/22\/tres\/\">LEIA+<\/a><\/h6>\n<h6>[\/vc_column_text][\/vc_column][vc_column width=&#8221;1\/3&#8243;][vc_single_image image=&#8221;4592&#8243; img_size=&#8221;full&#8221; onclick=&#8221;link_image&#8221; css=&#8221;&#8221;][vc_column_text css=&#8221;&#8221;]<\/h6>\n<h6 style=\"text-align: center;\">Artur de Vargas Giorgi. 652 &#8211; das garafunhas, 353<br \/>\nClique para ampliar<\/h6>\n<p>[\/vc_column_text][\/vc_column][\/vc_row][vc_row][vc_column][vc_empty_space][vc_separator color=&#8221;juicy_pink&#8221; border_width=&#8221;3&#8243; css=&#8221;&#8221;][vc_empty_space][\/vc_column][\/vc_row][vc_row css_animation=&#8221;slideInRight&#8221;][vc_column width=&#8221;2\/3&#8243;][vc_column_text css=&#8221;&#8221;]<\/p>\n<h1><span style=\"color: #ff0000;\">ZONA \u00caXTIMA<\/span><\/h1>\n<p>[\/vc_column_text][vc_column_text css=&#8221;&#8221;]<strong>Entrevista com Bernardino Horne \u2013 AME, membro da EBP e da AMP<\/strong><\/p>\n<p><strong>Diego Cervelin:<\/strong> Bom, a <em>Correio Express<\/em>, nesses novos encaminhamentos para 2025-2027, se inscreve no \u00e2mbito de uma articula\u00e7\u00e3o da Escola com uma ampla comunidade de interesse. A revista funciona, desse modo, como uma porta de entrada para conhecer um pouco mais do trabalho de Escola inclusive no espa\u00e7o virtual. Retomando as propostas da \u00e9poca da cria\u00e7\u00e3o da revista, em 2017, no primeiro editorial de Luiz Fernando Carrijo da Cunha, a gente encontra uma indica\u00e7\u00e3o de que a <em>Correio Express<\/em> se dirige a um p\u00fablico que se interessa pela orienta\u00e7\u00e3o lacaniana, mas que n\u00e3o est\u00e1 necessariamente vinculado ao Campo Freudiano. Assim, a revista tem como objetivo trazer uma articula\u00e7\u00e3o entre as atividades da Escola, as elabora\u00e7\u00f5es da Escola, para destacar o que nossa Escola fala, pensa, tem como propostas para os seus participantes e para aqueles que est\u00e3o em uma comunidade de interesse mais alargada. Ent\u00e3o, partindo disso, a revista tamb\u00e9m procura estabelecer um canal de contato com quem tem trabalhado com a psican\u00e1lise e colocado algumas quest\u00f5es bem importantes, como \u00e9 o caso do livro de Bernardino Horne. Ent\u00e3o, Bernardino, agradecendo muito por aceitar nosso convite para essa conversa, \u00e9 com voc\u00ea agora \u2013 sobre seu livro <em>Envejecer. El duelo por s\u00ed mismo<\/em>.<\/p>\n<p>Ou\u00e7a o epis\u00f3dio no <a href=\"https:\/\/open.spotify.com\/episode\/0IrF3StEuKdVRUHbbMNjva?si=3sw4XkRQTKuyQQ8GChVu4Q\" target=\"_blank\" rel=\"noopener\">Spotify\u00a0<\/a>ou acesso o v\u00eddeo no <a href=\"https:\/\/youtu.be\/82wjNoUuFIo\" target=\"_blank\" rel=\"noopener\">youtube<\/a>.<\/p>\n<h6><a href=\"https:\/\/www.ebp.org.br\/correio_express\/2025\/12\/22\/entrevista-com-bernardino-horne-ame-membro-da-ebp-e-da-amp1\/\">LEIA+<\/a><\/h6>\n<p>[\/vc_column_text][\/vc_column][vc_column width=&#8221;1\/3&#8243;][vc_single_image image=&#8221;4593&#8243; img_size=&#8221;full&#8221; onclick=&#8221;link_image&#8221; css=&#8221;&#8221;][vc_column_text css=&#8221;&#8221;]<\/p>\n<h6 style=\"text-align: center;\">Artur de Vargas Giorgi. 695 &#8211; das garafunhas, 395<br \/>\nClique para ampliar<\/h6>\n<p>[\/vc_column_text][\/vc_column][\/vc_row][vc_row][vc_column][vc_empty_space][vc_separator color=&#8221;juicy_pink&#8221; border_width=&#8221;3&#8243; css=&#8221;&#8221;][vc_empty_space][\/vc_column][\/vc_row][vc_row css_animation=&#8221;slideInRight&#8221;][vc_column width=&#8221;2\/3&#8243;][vc_column_text css=&#8221;&#8221;]<\/p>\n<h1><span style=\"color: #ff0000;\">BIBLI\u00d4<\/span><\/h1>\n<p>[\/vc_column_text][vc_row_inner][vc_column_inner][vc_column_text css=&#8221;&#8221;]<strong>O fazer da l\u00edngua materna<\/strong><strong>\u00a0<\/strong><\/p>\n<h6><span style=\"color: #ff0000;\">Ol\u00edvia Loureiro Viana<\/span><\/h6>\n<h6><a href=\"https:\/\/www.ebp.org.br\/correio_express\/2025\/12\/22\/o-fazer-da-lingua-materna\/\">LEIA+<\/a><\/h6>\n<p>[\/vc_column_text][\/vc_column_inner][\/vc_row_inner][vc_column_text css=&#8221;&#8221;]<strong>Biblioteca da EBP-Bahia<\/strong><\/p>\n<h6><span style=\"color: #ff0000;\">Iordan Gurgel (AME EBP\/AMP)<\/span><\/h6>\n<h6><a href=\"https:\/\/www.ebp.org.br\/correio_express\/2025\/12\/22\/biblioteca-da-ebp-bahia\/\">Leia+<\/a><\/h6>\n<p>[\/vc_column_text][vc_column_text css=&#8221;&#8221;]<strong>Biblioteca da EBP &#8211; Leste-oeste<\/strong><\/p>\n<h6><span style=\"color: #ff0000;\">Adriana G. Pessoa<\/span><\/h6>\n<h6><a href=\"https:\/\/www.ebp.org.br\/correio_express\/2025\/12\/22\/biblioteca-da-ebp-leste-oeste\/\">LEIA+<\/a><\/h6>\n<p>[\/vc_column_text][vc_column_text css=&#8221;&#8221;]<strong>Resson\u00e2ncias das Noites de Biblioteca da EBP-MG: A experi\u00eancia da psican\u00e1lise<\/strong><\/p>\n<h6><span style=\"color: #ff0000;\">Francisco Matheus Machado de Barros<\/span><\/h6>\n<h6><a href=\"https:\/\/www.ebp.org.br\/correio_express\/2025\/12\/22\/ressonancias-das-noites-de-biblioteca-da-ebp-mg-a-experiencia-da-psicanalise\/\">LEIA+<\/a><\/h6>\n<p>[\/vc_column_text][vc_column_text css=&#8221;&#8221;]<strong>Biblioteca da EBP &#8211; Nordeste<\/strong><\/p>\n<h6><span style=\"color: #ff0000;\">Sandra Conrado<\/span><\/h6>\n<h6><a href=\"https:\/\/www.ebp.org.br\/correio_express\/2025\/12\/22\/biblioteca-da-ebp-nordeste\/\">LEIA+<\/a><\/h6>\n<p>[\/vc_column_text][vc_column_text css=&#8221;&#8221;]<strong>Biblioteca da EBP-Rio<\/strong><\/p>\n<h6><span style=\"color: #ff0000;\">Paula Legey (EBP\/AMP)<\/span><\/h6>\n<h6><a href=\"https:\/\/www.ebp.org.br\/correio_express\/2025\/12\/22\/bibilioteca-da-ebp-rio\/\">LEIA+<\/a><\/h6>\n<p>[\/vc_column_text][vc_column_text css=&#8221;&#8221;]<strong>Biblioteca da EBP-SP &#8211; Para que uma biblioteca na Escola?<\/strong><\/p>\n<h6><span style=\"color: #ff0000;\">Camila Col\u00e1s (EBP\/AMP)<\/span><\/h6>\n<h6><a href=\"https:\/\/www.ebp.org.br\/correio_express\/2025\/12\/22\/biblioteca-da-ebp-sp-para-que-uma-biblioteca-na-escola\/\">LEIA+<\/a><\/h6>\n<p>[\/vc_column_text][vc_column_text css=&#8221;&#8221;]<strong>Biblioteca da EBP-Sul<\/strong><\/p>\n<h6><span style=\"color: #ff0000;\">Gustavo Ramos (EBP\/AMP)<\/span><\/h6>\n<h6><a href=\"https:\/\/www.ebp.org.br\/correio_express\/2025\/12\/22\/biblioteca-da-ebp-sul\/\">LEIA+<\/a><\/h6>\n<p>[\/vc_column_text][\/vc_column][vc_column width=&#8221;1\/3&#8243;][vc_single_image image=&#8221;4594&#8243; img_size=&#8221;full&#8221; onclick=&#8221;custom_link&#8221; img_link_target=&#8221;_blank&#8221; css=&#8221;&#8221; link=&#8221;https:\/\/www.ebp.org.br\/correio_express\/wp-content\/uploads\/2025\/12\/correio_extress_34_biblio.jpg&#8221;][vc_column_text css=&#8221;&#8221;]<\/p>\n<h6 style=\"text-align: center;\">Artur de Vargas Giorgi. 624 &#8211; das garafunhas, 330<br \/>\nClique para ampliar<\/h6>\n<p>[\/vc_column_text][\/vc_column][\/vc_row][vc_row][vc_column][vc_empty_space][vc_separator color=&#8221;juicy_pink&#8221; border_width=&#8221;3&#8243; css=&#8221;&#8221;][\/vc_column][\/vc_row][vc_row][vc_column][vc_column_text css=&#8221;&#8221;]<\/p>\n<h6><strong>EXPEDIENTE 2025-2027<br \/>\n<\/strong>Editores: Carla Serles e Diego Cervelin<br \/>\nEquipe: Ana Beatriz Zimmermann, Anam\u00e1ris Pinto, Jos\u00e9 Augusto Rocha, Let\u00edcia Rosa, Milena Crastelo, Veronica Montenegro, Wilker Fran\u00e7a.<br \/>\nRevisores: Jos\u00e9 Augusto Rocha e Paula Lermen<br \/>\nDiretora de Biblioteca: Fl\u00e1via C\u00eara<br \/>\nDiretor Geral: Luiz Felipe Monteiro<br \/>\nDesign e Editora\u00e7\u00e3o: Bruno Senna<\/h6>\n<h6>Rua Turiass\u00fa, 390 \u2013 Conj. 53\/54 \u2013 Perdizes S\u00e3o Paulo \u2013 SP \u2013 CEP 05005-0000<br \/>\nTel.: +55 (11) 3676-0297 &#8211; E-mail:\u00a0<a href=\"mailto:ebp@ebp.org.br\">ebp@ebp.org.br<\/a><br \/>\nHor\u00e1rios &#8211; segunda-feira \u00e0 sexta-feira, das 9h \u00e0s 18h.<\/h6>\n<p>[\/vc_column_text][\/vc_column][\/vc_row]<\/p>\n<\/div>","protected":false},"excerpt":{"rendered":"<p>[vc_row full_width=&#8221;stretch_row_content&#8221; bg_type=&#8221;bg_color&#8221; css=&#8221;.vc_custom_1760899536015{margin-top: -100px !important;}&#8221; bg_color_value=&#8221;#000000&#8243;][vc_column][\/vc_column][\/vc_row][vc_row css_animation=&#8221;slideInLeft&#8221;][vc_column width=&#8221;2\/3&#8243;][vc_column_text css=&#8221;&#8221;] EDITORIAL Carla Serles e Milena Crastelo A edi\u00e7\u00e3o 34 da Correio Express se deixa atravessar pelo tema do XV Congresso da Associa\u00e7\u00e3o Mundial de Psican\u00e1lise \u2014 \u201cN\u00e3o h\u00e1 rela\u00e7\u00e3o sexual\u201d nas rubricas Sobrevoo e Zeitgeist. Na primeira, seus autores nos d\u00e3o a ver o\u00a0que vibra&hellip;<\/p>\n","protected":false},"author":1,"featured_media":0,"parent":0,"menu_order":0,"comment_status":"closed","ping_status":"closed","template":"","meta":{"footnotes":""},"class_list":["post-4586","page","type-page","status-publish","hentry","description-off"],"_links":{"self":[{"href":"https:\/\/www.ebp.org.br\/correio_express\/wp-json\/wp\/v2\/pages\/4586","targetHints":{"allow":["GET"]}}],"collection":[{"href":"https:\/\/www.ebp.org.br\/correio_express\/wp-json\/wp\/v2\/pages"}],"about":[{"href":"https:\/\/www.ebp.org.br\/correio_express\/wp-json\/wp\/v2\/types\/page"}],"author":[{"embeddable":true,"href":"https:\/\/www.ebp.org.br\/correio_express\/wp-json\/wp\/v2\/users\/1"}],"replies":[{"embeddable":true,"href":"https:\/\/www.ebp.org.br\/correio_express\/wp-json\/wp\/v2\/comments?post=4586"}],"version-history":[{"count":12,"href":"https:\/\/www.ebp.org.br\/correio_express\/wp-json\/wp\/v2\/pages\/4586\/revisions"}],"predecessor-version":[{"id":4621,"href":"https:\/\/www.ebp.org.br\/correio_express\/wp-json\/wp\/v2\/pages\/4586\/revisions\/4621"}],"wp:attachment":[{"href":"https:\/\/www.ebp.org.br\/correio_express\/wp-json\/wp\/v2\/media?parent=4586"}],"curies":[{"name":"wp","href":"https:\/\/api.w.org\/{rel}","templated":true}]}}